{"id":2261,"date":"2018-07-25T11:47:02","date_gmt":"2018-07-25T15:47:02","guid":{"rendered":"https:\/\/www.groupedemexcentrem.com\/centrem\/centre-de-recyclage\/"},"modified":"2020-01-28T11:54:08","modified_gmt":"2020-01-28T16:54:08","slug":"recycling-facility","status":"publish","type":"page","link":"https:\/\/www.groupedemexcentrem.com\/en\/centrem\/recycling-facility\/","title":{"rendered":"Recycling Facility"},"content":{"rendered":"<h3>Alma<\/h3>\n<div id=\"attachment_1940\" style=\"width: 273px\" class=\"wp-caption alignnone\"><img loading=\"lazy\" decoding=\"async\" aria-describedby=\"caption-attachment-1940\" class=\"lazy  wp-image-1940\" src=\"https:\/\/www.groupedemexcentrem.com\/wp-content\/themes\/nubee\/library\/images\/blank.png\" data-original=\"http:\/\/www.groupedemexcentrem.com\/wp-content\/uploads\/2019\/03\/centrem-1-768x576.jpg\" alt=\"Vue d'une excavatrice charg\u00e9e sur fardier en face du centre de r\u00e9cup\u00e9ration Centrem \u00e0 Alma\" width=\"263\" height=\"197\" \/><p id=\"caption-attachment-1940\" class=\"wp-caption-text\">View of an excavator on a flatbed trailer in front of the Centrem Recovery Centre in Alma<\/p><\/div>\n<ul style=\"list-style-type: disc\">\n<li>A 100-tonne\u00a0<strong>digital truck scale<\/strong> with a radiation detector, which establishes the inventory of your load and gives you a detailed and accurate report of what your cargo contains;<\/li>\n<li>A <strong>waste sorting table<\/strong> with a capacity of 50,000 tonnes\/year;<\/li>\n<li>A portable\u00a0<strong>metal analyzer<\/strong>;<\/li>\n<li>A <strong>conveyor unit<\/strong> with magnetic separation;<\/li>\n<li><strong>Screens<\/strong>, <strong>dust collectors<\/strong> and <strong>shredders<\/strong>;<\/li>\n<li>Two<strong> churning machines<\/strong>;<\/li>\n<li>A <strong>granulation and separation unit<\/strong> (copper and aluminum);<\/li>\n<li>Several 1.5 to 45-tonne <strong>excavators<\/strong> equipped with 250 to 1,500-tonne capacity <strong>shears<\/strong>, <strong>electromagnet<\/strong> and <strong>grapple<\/strong>;<\/li>\n<li>Wheel <strong>loaders<\/strong> and <strong>mini loaders<\/strong>;<\/li>\n<li>A mobile <strong>metal pressing and cutting<\/strong> unit.<\/li>\n<\/ul>\n<h3>Chicoutimi<\/h3>\n<div id=\"attachment_2668\" style=\"width: 281px\" class=\"wp-caption alignnone\"><img loading=\"lazy\" decoding=\"async\" aria-describedby=\"caption-attachment-2668\" class=\"lazy  wp-image-2668\" src=\"https:\/\/www.groupedemexcentrem.com\/wp-content\/themes\/nubee\/library\/images\/blank.png\" data-original=\"http:\/\/www.groupedemexcentrem.com\/wp-content\/uploads\/2019\/06\/mac_1941-768x512.jpg\" alt=\"Vue de la pes\u00e9e \u00e0 l'int\u00e9rieur du centre de r\u00e9cup\u00e9ration Centrem \u00e0 Chicoutimi.\" width=\"271\" height=\"181\" \/><p id=\"caption-attachment-2668\" class=\"wp-caption-text\">View of the weigh scale at the entrance of the Centrem Recovery Centre in Chicoutimi.<\/p><\/div>\n<ul style=\"list-style-type: disc\">\n<li>A 100-tonne\u00a0<strong>digital truck scale<\/strong>,\u00a0with a radiation detector, which establishes the inventory of your load and gives you a detailed and accurate report of what your cargo contains;<\/li>\n<li>A portable <strong>metal analyzer<\/strong>;<\/li>\n<li>A 30-tonne excavator equipped with 250 to 1,500 kg\u00a0<strong>shears<\/strong>;<\/li>\n<li>A maintenance excavator equipped with a <strong>grapple<\/strong> or an <strong>electromagnet<\/strong>;<\/li>\n<li>A <strong>wheel loader<\/strong> and a <strong>mini loader<\/strong>;<\/li>\n<li>A transshipment centre for demolition wastes.<\/li>\n<\/ul>\n","protected":false},"excerpt":{"rendered":"<p>Alma A 100-tonne\u00a0digital truck scale with a radiation detector, which establishes the inventory of your load and gives you a detailed and accurate report of what your cargo contains; A waste sorting table with a capacity of 50,000 tonnes\/year; A portable\u00a0metal analyzer; A conveyor unit with magnetic separation; Screens, dust collectors and shredders; Two churning&#8230;  <a class=\"excerpt-read-more\" href=\"https:\/\/www.groupedemexcentrem.com\/en\/centrem\/recycling-facility\/\" title=\"Read Recycling Facility\">Read more &raquo;<\/a><\/p>\n","protected":false},"author":1,"featured_media":1913,"parent":465,"menu_order":17,"comment_status":"closed","ping_status":"closed","template":"","meta":{"_acf_changed":false,"footnotes":""},"class_list":["post-2261","page","type-page","status-publish","has-post-thumbnail","hentry"],"acf":[],"yoast_head":"<!-- This site is optimized with the Yoast SEO plugin v27.4 - https:\/\/yoast.com\/product\/yoast-seo-wordpress\/ -->\n<title>Recycling Facility | Demex-Centrem group<\/title>\n<meta name=\"description\" content=\"The main equipment of Centrem&#039;s recovery center in Alma consist of A 100 ton\u00a0computerized truck scale,\u00a0with a radiation detector, which establishes\" \/>\n<meta name=\"robots\" content=\"index, follow, max-snippet:-1, max-image-preview:large, max-video-preview:-1\" \/>\n<link rel=\"canonical\" href=\"https:\/\/www.groupedemexcentrem.com\/en\/centrem\/recycling-facility\/\" \/>\n<meta property=\"og:locale\" content=\"en_US\" \/>\n<meta property=\"og:type\" content=\"article\" \/>\n<meta property=\"og:title\" content=\"Recycling Facility | Demex-Centrem group\" \/>\n<meta property=\"og:description\" content=\"The main equipment of Centrem&#039;s recovery center in Alma consist of A 100 ton\u00a0computerized truck scale,\u00a0with a radiation detector, which establishes\" \/>\n<meta property=\"og:url\" content=\"https:\/\/www.groupedemexcentrem.com\/en\/centrem\/recycling-facility\/\" \/>\n<meta property=\"og:site_name\" content=\"Demex-Centrem group\" \/>\n<meta property=\"article:publisher\" content=\"https:\/\/www.facebook.com\/D%c3%a9mex-129126640571982\/\" \/>\n<meta property=\"article:modified_time\" content=\"2020-01-28T16:54:08+00:00\" \/>\n<meta property=\"og:image\" content=\"https:\/\/www.groupedemexcentrem.com\/wp-content\/uploads\/2019\/01\/photo-centrem-025.jpg\" \/>\n\t<meta property=\"og:image:width\" content=\"1920\" \/>\n\t<meta property=\"og:image:height\" content=\"1280\" \/>\n\t<meta property=\"og:image:type\" content=\"image\/jpeg\" \/>\n<meta name=\"twitter:card\" content=\"summary_large_image\" \/>\n<meta name=\"twitter:site\" content=\"@Demex00545143\" \/>\n<meta name=\"twitter:label1\" content=\"Est. reading time\" \/>\n\t<meta name=\"twitter:data1\" content=\"1 minute\" \/>\n<script type=\"application\/ld+json\" class=\"yoast-schema-graph\">{\"@context\":\"https:\\\/\\\/schema.org\",\"@graph\":[{\"@type\":\"WebPage\",\"@id\":\"https:\\\/\\\/www.groupedemexcentrem.com\\\/en\\\/centrem\\\/recycling-facility\\\/\",\"url\":\"https:\\\/\\\/www.groupedemexcentrem.com\\\/en\\\/centrem\\\/recycling-facility\\\/\",\"name\":\"Recycling Facility | Demex-Centrem group\",\"isPartOf\":{\"@id\":\"https:\\\/\\\/www.groupedemexcentrem.com\\\/en\\\/#website\"},\"primaryImageOfPage\":{\"@id\":\"https:\\\/\\\/www.groupedemexcentrem.com\\\/en\\\/centrem\\\/recycling-facility\\\/#primaryimage\"},\"image\":{\"@id\":\"https:\\\/\\\/www.groupedemexcentrem.com\\\/en\\\/centrem\\\/recycling-facility\\\/#primaryimage\"},\"thumbnailUrl\":\"https:\\\/\\\/www.groupedemexcentrem.com\\\/wp-content\\\/uploads\\\/2019\\\/01\\\/photo-centrem-025.jpg\",\"datePublished\":\"2018-07-25T15:47:02+00:00\",\"dateModified\":\"2020-01-28T16:54:08+00:00\",\"description\":\"The main equipment of Centrem's recovery center in Alma consist of A 100 ton\u00a0computerized truck scale,\u00a0with a radiation detector, which establishes\",\"breadcrumb\":{\"@id\":\"https:\\\/\\\/www.groupedemexcentrem.com\\\/en\\\/centrem\\\/recycling-facility\\\/#breadcrumb\"},\"inLanguage\":\"en-US\",\"potentialAction\":[{\"@type\":\"ReadAction\",\"target\":[\"https:\\\/\\\/www.groupedemexcentrem.com\\\/en\\\/centrem\\\/recycling-facility\\\/\"]}]},{\"@type\":\"ImageObject\",\"inLanguage\":\"en-US\",\"@id\":\"https:\\\/\\\/www.groupedemexcentrem.com\\\/en\\\/centrem\\\/recycling-facility\\\/#primaryimage\",\"url\":\"https:\\\/\\\/www.groupedemexcentrem.com\\\/wp-content\\\/uploads\\\/2019\\\/01\\\/photo-centrem-025.jpg\",\"contentUrl\":\"https:\\\/\\\/www.groupedemexcentrem.com\\\/wp-content\\\/uploads\\\/2019\\\/01\\\/photo-centrem-025.jpg\",\"width\":1920,\"height\":1280,\"caption\":\"Aerial view of Centrem recycling center in Alma\"},{\"@type\":\"BreadcrumbList\",\"@id\":\"https:\\\/\\\/www.groupedemexcentrem.com\\\/en\\\/centrem\\\/recycling-facility\\\/#breadcrumb\",\"itemListElement\":[{\"@type\":\"ListItem\",\"position\":1,\"name\":\"Accueil\",\"item\":\"https:\\\/\\\/www.groupedemexcentrem.com\\\/en\\\/\"},{\"@type\":\"ListItem\",\"position\":2,\"name\":\"Centrem\",\"item\":\"https:\\\/\\\/www.groupedemexcentrem.com\\\/en\\\/centrem\\\/\"},{\"@type\":\"ListItem\",\"position\":3,\"name\":\"Recycling Facility\"}]},{\"@type\":\"WebSite\",\"@id\":\"https:\\\/\\\/www.groupedemexcentrem.com\\\/en\\\/#website\",\"url\":\"https:\\\/\\\/www.groupedemexcentrem.com\\\/en\\\/\",\"name\":\"Demex-Centrem group\",\"description\":\"\",\"publisher\":{\"@id\":\"https:\\\/\\\/www.groupedemexcentrem.com\\\/en\\\/#organization\"},\"potentialAction\":[{\"@type\":\"SearchAction\",\"target\":{\"@type\":\"EntryPoint\",\"urlTemplate\":\"https:\\\/\\\/www.groupedemexcentrem.com\\\/en\\\/?s={search_term_string}\"},\"query-input\":{\"@type\":\"PropertyValueSpecification\",\"valueRequired\":true,\"valueName\":\"search_term_string\"}}],\"inLanguage\":\"en-US\"},{\"@type\":\"Organization\",\"@id\":\"https:\\\/\\\/www.groupedemexcentrem.com\\\/en\\\/#organization\",\"name\":\"Groupe D\u00e9mex-Centrem\",\"url\":\"https:\\\/\\\/www.groupedemexcentrem.com\\\/en\\\/\",\"logo\":{\"@type\":\"ImageObject\",\"inLanguage\":\"en-US\",\"@id\":\"https:\\\/\\\/www.groupedemexcentrem.com\\\/en\\\/#\\\/schema\\\/logo\\\/image\\\/\",\"url\":\"https:\\\/\\\/www.groupedemexcentrem.com\\\/wp-content\\\/uploads\\\/2019\\\/09\\\/groupe-demex-centrem.png\",\"contentUrl\":\"https:\\\/\\\/www.groupedemexcentrem.com\\\/wp-content\\\/uploads\\\/2019\\\/09\\\/groupe-demex-centrem.png\",\"width\":651,\"height\":415,\"caption\":\"Groupe D\u00e9mex-Centrem\"},\"image\":{\"@id\":\"https:\\\/\\\/www.groupedemexcentrem.com\\\/en\\\/#\\\/schema\\\/logo\\\/image\\\/\"},\"sameAs\":[\"https:\\\/\\\/www.facebook.com\\\/D\u00e9mex-129126640571982\\\/\",\"https:\\\/\\\/x.com\\\/Demex00545143\",\"https:\\\/\\\/fr.linkedin.com\\\/company\\\/demex-inc.\",\"https:\\\/\\\/www.youtube.com\\\/channel\\\/UCpeX1t8JxRJG6LDe1tKRsSg\\\/featured\"]}]}<\/script>\n<!-- \/ Yoast SEO plugin. -->","yoast_head_json":{"title":"Recycling Facility | Demex-Centrem group","description":"The main equipment of Centrem's recovery center in Alma consist of A 100 ton\u00a0computerized truck scale,\u00a0with a radiation detector, which establishes","robots":{"index":"index","follow":"follow","max-snippet":"max-snippet:-1","max-image-preview":"max-image-preview:large","max-video-preview":"max-video-preview:-1"},"canonical":"https:\/\/www.groupedemexcentrem.com\/en\/centrem\/recycling-facility\/","og_locale":"en_US","og_type":"article","og_title":"Recycling Facility | Demex-Centrem group","og_description":"The main equipment of Centrem's recovery center in Alma consist of A 100 ton\u00a0computerized truck scale,\u00a0with a radiation detector, which establishes","og_url":"https:\/\/www.groupedemexcentrem.com\/en\/centrem\/recycling-facility\/","og_site_name":"Demex-Centrem group","article_publisher":"https:\/\/www.facebook.com\/D%c3%a9mex-129126640571982\/","article_modified_time":"2020-01-28T16:54:08+00:00","og_image":[{"width":1920,"height":1280,"url":"https:\/\/www.groupedemexcentrem.com\/wp-content\/uploads\/2019\/01\/photo-centrem-025.jpg","type":"image\/jpeg"}],"twitter_card":"summary_large_image","twitter_site":"@Demex00545143","twitter_misc":{"Est. reading time":"1 minute"},"schema":{"@context":"https:\/\/schema.org","@graph":[{"@type":"WebPage","@id":"https:\/\/www.groupedemexcentrem.com\/en\/centrem\/recycling-facility\/","url":"https:\/\/www.groupedemexcentrem.com\/en\/centrem\/recycling-facility\/","name":"Recycling Facility | Demex-Centrem group","isPartOf":{"@id":"https:\/\/www.groupedemexcentrem.com\/en\/#website"},"primaryImageOfPage":{"@id":"https:\/\/www.groupedemexcentrem.com\/en\/centrem\/recycling-facility\/#primaryimage"},"image":{"@id":"https:\/\/www.groupedemexcentrem.com\/en\/centrem\/recycling-facility\/#primaryimage"},"thumbnailUrl":"https:\/\/www.groupedemexcentrem.com\/wp-content\/uploads\/2019\/01\/photo-centrem-025.jpg","datePublished":"2018-07-25T15:47:02+00:00","dateModified":"2020-01-28T16:54:08+00:00","description":"The main equipment of Centrem's recovery center in Alma consist of A 100 ton\u00a0computerized truck scale,\u00a0with a radiation detector, which establishes","breadcrumb":{"@id":"https:\/\/www.groupedemexcentrem.com\/en\/centrem\/recycling-facility\/#breadcrumb"},"inLanguage":"en-US","potentialAction":[{"@type":"ReadAction","target":["https:\/\/www.groupedemexcentrem.com\/en\/centrem\/recycling-facility\/"]}]},{"@type":"ImageObject","inLanguage":"en-US","@id":"https:\/\/www.groupedemexcentrem.com\/en\/centrem\/recycling-facility\/#primaryimage","url":"https:\/\/www.groupedemexcentrem.com\/wp-content\/uploads\/2019\/01\/photo-centrem-025.jpg","contentUrl":"https:\/\/www.groupedemexcentrem.com\/wp-content\/uploads\/2019\/01\/photo-centrem-025.jpg","width":1920,"height":1280,"caption":"Aerial view of Centrem recycling center in Alma"},{"@type":"BreadcrumbList","@id":"https:\/\/www.groupedemexcentrem.com\/en\/centrem\/recycling-facility\/#breadcrumb","itemListElement":[{"@type":"ListItem","position":1,"name":"Accueil","item":"https:\/\/www.groupedemexcentrem.com\/en\/"},{"@type":"ListItem","position":2,"name":"Centrem","item":"https:\/\/www.groupedemexcentrem.com\/en\/centrem\/"},{"@type":"ListItem","position":3,"name":"Recycling Facility"}]},{"@type":"WebSite","@id":"https:\/\/www.groupedemexcentrem.com\/en\/#website","url":"https:\/\/www.groupedemexcentrem.com\/en\/","name":"Demex-Centrem group","description":"","publisher":{"@id":"https:\/\/www.groupedemexcentrem.com\/en\/#organization"},"potentialAction":[{"@type":"SearchAction","target":{"@type":"EntryPoint","urlTemplate":"https:\/\/www.groupedemexcentrem.com\/en\/?s={search_term_string}"},"query-input":{"@type":"PropertyValueSpecification","valueRequired":true,"valueName":"search_term_string"}}],"inLanguage":"en-US"},{"@type":"Organization","@id":"https:\/\/www.groupedemexcentrem.com\/en\/#organization","name":"Groupe D\u00e9mex-Centrem","url":"https:\/\/www.groupedemexcentrem.com\/en\/","logo":{"@type":"ImageObject","inLanguage":"en-US","@id":"https:\/\/www.groupedemexcentrem.com\/en\/#\/schema\/logo\/image\/","url":"https:\/\/www.groupedemexcentrem.com\/wp-content\/uploads\/2019\/09\/groupe-demex-centrem.png","contentUrl":"https:\/\/www.groupedemexcentrem.com\/wp-content\/uploads\/2019\/09\/groupe-demex-centrem.png","width":651,"height":415,"caption":"Groupe D\u00e9mex-Centrem"},"image":{"@id":"https:\/\/www.groupedemexcentrem.com\/en\/#\/schema\/logo\/image\/"},"sameAs":["https:\/\/www.facebook.com\/D\u00e9mex-129126640571982\/","https:\/\/x.com\/Demex00545143","https:\/\/fr.linkedin.com\/company\/demex-inc.","https:\/\/www.youtube.com\/channel\/UCpeX1t8JxRJG6LDe1tKRsSg\/featured"]}]}},"_links":{"self":[{"href":"https:\/\/www.groupedemexcentrem.com\/en\/wp-json\/wp\/v2\/pages\/2261","targetHints":{"allow":["GET"]}}],"collection":[{"href":"https:\/\/www.groupedemexcentrem.com\/en\/wp-json\/wp\/v2\/pages"}],"about":[{"href":"https:\/\/www.groupedemexcentrem.com\/en\/wp-json\/wp\/v2\/types\/page"}],"author":[{"embeddable":true,"href":"https:\/\/www.groupedemexcentrem.com\/en\/wp-json\/wp\/v2\/users\/1"}],"replies":[{"embeddable":true,"href":"https:\/\/www.groupedemexcentrem.com\/en\/wp-json\/wp\/v2\/comments?post=2261"}],"version-history":[{"count":6,"href":"https:\/\/www.groupedemexcentrem.com\/en\/wp-json\/wp\/v2\/pages\/2261\/revisions"}],"predecessor-version":[{"id":3709,"href":"https:\/\/www.groupedemexcentrem.com\/en\/wp-json\/wp\/v2\/pages\/2261\/revisions\/3709"}],"up":[{"embeddable":true,"href":"https:\/\/www.groupedemexcentrem.com\/en\/wp-json\/wp\/v2\/pages\/465"}],"wp:featuredmedia":[{"embeddable":true,"href":"https:\/\/www.groupedemexcentrem.com\/en\/wp-json\/wp\/v2\/media\/1913"}],"wp:attachment":[{"href":"https:\/\/www.groupedemexcentrem.com\/en\/wp-json\/wp\/v2\/media?parent=2261"}],"curies":[{"name":"wp","href":"https:\/\/api.w.org\/{rel}","templated":true}]}}